
{"id":29619,"date":"2023-02-14T08:19:31","date_gmt":"2023-02-14T11:33:46","guid":{"rendered":"https:\/\/www.triangleeditorial.com\/producto\/vestits-de-ceba\/"},"modified":"2023-07-28T09:11:10","modified_gmt":"2023-07-28T09:11:10","slug":"vestits-de-ceba","status":"publish","type":"product","link":"https:\/\/triangle.cat\/es\/producto\/vestits-de-ceba\/","title":{"rendered":"Vestits de Ceba"},"content":{"rendered":"","protected":false},"excerpt":{"rendered":"<p>Toni Vidal (Menorca, 1934) es un fot\u00f3grafo de largo recorrido, un artista de la fotograf\u00eda que ha desarrollado una obra de gran belleza pl\u00e1stica resuelta con un gran dominio de la t\u00e9cnica. Desde que comenz\u00f3, hace sesenta a\u00f1os, fue retratista, unos retratos hechos con delicadeza y alejados de la pieza de \u00e1lbum, unos retratos que capturan el argumento subyacente m\u00e1s all\u00e1 de la imagen. Primero lo fue de personas, y pronto tambi\u00e9n de rocas, de arquitectura rural, de vegetales.Fruto de estos \u00faltimos es el libro Vestits de ceba, donde Toni Vidal presenta el resultado de veinte a\u00f1os de trabajo consistente en hacer de la materia mundana materia po\u00e9tica, en este caso, la cebolla y las m\u00e1s externas de las hojas que protegen el bulbo, aquellas que los bot\u00e1nicos llaman t\u00fanicas, de ah\u00ed el t\u00edtulo. Esta metamorfosis visual y pl\u00e1stica que nos ofrece el fot\u00f3grafo, se refuerza con la colaboraci\u00f3n de m\u00e1s de veinte poetas que han ofrecido a Toni Vidal sus creaciones po\u00e9ticas expresamente para sus \u00abVestits\u00bb, como Montserrat Abell\u00f3, Narc\u00eds Comadira, Jos\u00e9 Corredor-Matheos, Miquel Desclot o los ya desaparecidos Joan Brossa, Maria Merc\u00e8 Mar\u00e7al, Joan Perucho, Jordi Sarsanedas, Josep Palau i Fabre y Yael Languella. Sirva tambi\u00e9n este libro de homenaje.<\/p>\n","protected":false},"featured_media":22731,"comment_status":"closed","ping_status":"closed","template":"","meta":{"_acf_changed":false,"_monsterinsights_skip_tracking":false,"_monsterinsights_sitenote_active":false,"_monsterinsights_sitenote_note":"","_monsterinsights_sitenote_category":0},"product_brand":[],"product_cat":[1553],"product_tag":[991,292,295,293],"class_list":{"0":"post-29619","1":"product","2":"type-product","3":"status-publish","4":"has-post-thumbnail","6":"product_cat-fotografia-y-diseno","7":"product_tag-aleman-es","8":"product_tag-catalan","9":"product_tag-espanol","10":"product_tag-ingles","11":"pa_idioma-multilingue-catala-espanol-english-deutsch-es","13":"first","14":"instock","15":"taxable","16":"shipping-taxable","17":"purchasable","18":"product-type-variable","19":"has-default-attributes"},"acf":[],"_links":{"self":[{"href":"https:\/\/triangle.cat\/es\/wp-json\/wp\/v2\/product\/29619","targetHints":{"allow":["GET"]}}],"collection":[{"href":"https:\/\/triangle.cat\/es\/wp-json\/wp\/v2\/product"}],"about":[{"href":"https:\/\/triangle.cat\/es\/wp-json\/wp\/v2\/types\/product"}],"replies":[{"embeddable":true,"href":"https:\/\/triangle.cat\/es\/wp-json\/wp\/v2\/comments?post=29619"}],"wp:featuredmedia":[{"embeddable":true,"href":"https:\/\/triangle.cat\/es\/wp-json\/wp\/v2\/media\/22731"}],"wp:attachment":[{"href":"https:\/\/triangle.cat\/es\/wp-json\/wp\/v2\/media?parent=29619"}],"wp:term":[{"taxonomy":"product_brand","embeddable":true,"href":"https:\/\/triangle.cat\/es\/wp-json\/wp\/v2\/product_brand?post=29619"},{"taxonomy":"product_cat","embeddable":true,"href":"https:\/\/triangle.cat\/es\/wp-json\/wp\/v2\/product_cat?post=29619"},{"taxonomy":"product_tag","embeddable":true,"href":"https:\/\/triangle.cat\/es\/wp-json\/wp\/v2\/product_tag?post=29619"}],"curies":[{"name":"wp","href":"https:\/\/api.w.org\/{rel}","templated":true}]}}